{"id":678,"date":"2022-04-19T16:43:11","date_gmt":"2022-04-19T16:43:11","guid":{"rendered":"https:\/\/acsantiago.org\/?page_id=678"},"modified":"2022-08-01T08:06:13","modified_gmt":"2022-08-01T08:06:13","slug":"3-cuadernos-de-la-historia","status":"publish","type":"page","link":"https:\/\/acsantiago.org\/index.php\/3-cuadernos-de-la-historia\/","title":{"rendered":"Cuadernos de la Historia"},"content":{"rendered":"\t\t<div data-elementor-type=\"wp-page\" data-elementor-id=\"678\" class=\"elementor elementor-678\">\n\t\t\t\t\t\t<section class=\"elementor-section elementor-top-section elementor-element elementor-element-ac25228 elementor-section-boxed elementor-section-height-default elementor-section-height-default\" data-id=\"ac25228\" data-element_type=\"section\" data-e-type=\"section\">\n\t\t\t\t\t\t<div class=\"elementor-container elementor-column-gap-default\">\n\t\t\t\t\t<div class=\"elementor-column elementor-col-100 elementor-top-column elementor-element elementor-element-4591a63\" data-id=\"4591a63\" data-element_type=\"column\" data-e-type=\"column\">\n\t\t\t<div class=\"elementor-widget-wrap elementor-element-populated\">\n\t\t\t\t\t\t<div class=\"elementor-element elementor-element-e4e0aee elementor-widget elementor-widget-text-editor\" data-id=\"e4e0aee\" data-element_type=\"widget\" data-e-type=\"widget\" data-widget_type=\"text-editor.default\">\n\t\t\t\t<div class=\"elementor-widget-container\">\n\t\t\t\t\t\t\t\t\t<h3><strong>Cuadernos de la Historia<\/strong><\/h3>\t\t\t\t\t\t\t\t<\/div>\n\t\t\t\t<\/div>\n\t\t\t\t\t<\/div>\n\t\t<\/div>\n\t\t\t\t\t<\/div>\n\t\t<\/section>\n\t\t\t\t<section class=\"elementor-section elementor-top-section elementor-element elementor-element-92b7143 elementor-section-boxed elementor-section-height-default elementor-section-height-default\" data-id=\"92b7143\" data-element_type=\"section\" data-e-type=\"section\">\n\t\t\t\t\t\t<div class=\"elementor-container elementor-column-gap-default\">\n\t\t\t\t\t<div class=\"elementor-column elementor-col-50 elementor-top-column elementor-element elementor-element-1e5f43e\" data-id=\"1e5f43e\" data-element_type=\"column\" data-e-type=\"column\">\n\t\t\t<div class=\"elementor-widget-wrap elementor-element-populated\">\n\t\t\t\t\t\t<div class=\"elementor-element elementor-element-2b74b19 elementor-widget elementor-widget-image\" data-id=\"2b74b19\" data-element_type=\"widget\" data-e-type=\"widget\" data-widget_type=\"image.default\">\n\t\t\t\t<div class=\"elementor-widget-container\">\n\t\t\t\t\t\t\t\t\t\t\t\t<figure class=\"wp-caption\">\n\t\t\t\t\t\t\t\t\t\t<img decoding=\"async\" src=\"https:\/\/acsantiago.org\/wp-content\/uploads\/elementor\/thumbs\/Aurelio-Juarez-qpzwhbpvm9p6vo7klckkkwu38ih44dy8eab83a06mg.jpg\" title=\"Aurelio Juarez\" alt=\"Aurelio Juarez\" loading=\"lazy\" \/>\t\t\t\t\t\t\t\t\t\t\t<figcaption class=\"widget-image-caption wp-caption-text\">Aurelio Juarez, representante de la Asoc.Cultural Santiago<\/figcaption>\n\t\t\t\t\t\t\t\t\t\t<\/figure>\n\t\t\t\t\t\t\t\t\t<\/div>\n\t\t\t\t<\/div>\n\t\t\t\t\t<\/div>\n\t\t<\/div>\n\t\t\t\t<div class=\"elementor-column elementor-col-50 elementor-top-column elementor-element elementor-element-1721393\" data-id=\"1721393\" data-element_type=\"column\" data-e-type=\"column\">\n\t\t\t<div class=\"elementor-widget-wrap elementor-element-populated\">\n\t\t\t\t\t\t<div class=\"elementor-element elementor-element-87cfd8e elementor-widget elementor-widget-text-editor\" data-id=\"87cfd8e\" data-element_type=\"widget\" data-e-type=\"widget\" data-widget_type=\"text-editor.default\">\n\t\t\t\t<div class=\"elementor-widget-container\">\n\t\t\t\t\t\t\t\t\t<p>\u00a0<\/p>\n<p style=\"text-align: left;\"><span style=\"color: #000000;\">El pasado d\u00eda 6 de mayo a las 12:00 horas tuvo lugar la presentaci\u00f3n del proyecto y desarrollo de\u00a0 \u201cCuadernos de la Historia\u201d, firmado por C.I.C, Universidad San Pablo Ceu, Fundaci\u00f3n Tercio de Extranjeros y Asociaci\u00f3n Cultural Santiago.<\/span><\/p>\n<p style=\"text-align: left;\"><span style=\"color: #000000;\">El Acto se desarroll\u00f3 en el Instituto de Historia y Cultura Militar , sito en P.\u00ba de Moret, 3, 28008 Madrid. Siendo presidido por el General Director del mismo Excmo. Sr,. D. Antonio Ruiz Benitez y el rectorado de la Universidad San Pablo CEU.<\/span><\/p>\n<p><span style=\"color: #000000;\">Al mismo asistieron diversos representantes de los patronatos de hu\u00e9rfanos del ejercito as\u00ed como de entidades civiles y del mundo de la cultura.<\/span><\/p>\n<p><span style=\"color: #000000;\">Es de destacar la asistencia de los becarios designados por el CEU y que fueron felicitados por la brillantez\u00a0 del proyecto y la exposici\u00f3n del mismo.<\/span><\/p>\n<p><span style=\"color: #000000;\">Por parte de D. Aurelio Juarez se agradeci\u00f3 tanto la presencia como el trabajo realizado, as\u00ed como el orgullo de poder participar en el mismo la tecnol\u00f3gica CIC.<\/span><\/p>\t\t\t\t\t\t\t\t<\/div>\n\t\t\t\t<\/div>\n\t\t\t\t\t<\/div>\n\t\t<\/div>\n\t\t\t\t\t<\/div>\n\t\t<\/section>\n\t\t\t\t<section class=\"elementor-section elementor-top-section elementor-element elementor-element-ddb2d16 elementor-section-boxed elementor-section-height-default elementor-section-height-default\" data-id=\"ddb2d16\" data-element_type=\"section\" data-e-type=\"section\">\n\t\t\t\t\t\t<div class=\"elementor-container elementor-column-gap-default\">\n\t\t\t\t\t<div class=\"elementor-column elementor-col-100 elementor-top-column elementor-element elementor-element-46b5025\" data-id=\"46b5025\" data-element_type=\"column\" data-e-type=\"column\">\n\t\t\t<div class=\"elementor-widget-wrap elementor-element-populated\">\n\t\t\t\t\t\t\t<\/div>\n\t\t<\/div>\n\t\t\t\t\t<\/div>\n\t\t<\/section>\n\t\t\t\t<section class=\"elementor-section elementor-top-section elementor-element elementor-element-5c464c6 elementor-section-boxed elementor-section-height-default elementor-section-height-default\" data-id=\"5c464c6\" data-element_type=\"section\" data-e-type=\"section\">\n\t\t\t\t\t\t<div class=\"elementor-container elementor-column-gap-default\">\n\t\t\t\t\t<div class=\"elementor-column elementor-col-100 elementor-top-column elementor-element elementor-element-328c28d\" data-id=\"328c28d\" data-element_type=\"column\" data-e-type=\"column\">\n\t\t\t<div class=\"elementor-widget-wrap elementor-element-populated\">\n\t\t\t\t\t\t<div class=\"elementor-element elementor-element-8c0766e elementor-widget elementor-widget-text-editor\" data-id=\"8c0766e\" data-element_type=\"widget\" data-e-type=\"widget\" data-widget_type=\"text-editor.default\">\n\t\t\t\t<div class=\"elementor-widget-container\">\n\t\t\t\t\t\t\t\t\t<p><span style=\"color: #000000;\">Im\u00e1genes, superiores, tomadas en el acto de presentaci\u00f3n de los Cuadernos de la Historia<\/span><\/p>\t\t\t\t\t\t\t\t<\/div>\n\t\t\t\t<\/div>\n\t\t\t\t\t<\/div>\n\t\t<\/div>\n\t\t\t\t\t<\/div>\n\t\t<\/section>\n\t\t\t\t<section class=\"elementor-section elementor-top-section elementor-element elementor-element-64a1625 elementor-section-boxed elementor-section-height-default elementor-section-height-default\" data-id=\"64a1625\" data-element_type=\"section\" data-e-type=\"section\">\n\t\t\t\t\t\t<div class=\"elementor-container elementor-column-gap-default\">\n\t\t\t\t\t<div class=\"elementor-column elementor-col-100 elementor-top-column elementor-element elementor-element-64d37b7\" data-id=\"64d37b7\" data-element_type=\"column\" data-e-type=\"column\">\n\t\t\t<div class=\"elementor-widget-wrap elementor-element-populated\">\n\t\t\t\t\t\t<div class=\"elementor-element elementor-element-f53f489 elementor-widget elementor-widget-text-editor\" data-id=\"f53f489\" data-element_type=\"widget\" data-e-type=\"widget\" data-widget_type=\"text-editor.default\">\n\t\t\t\t<div class=\"elementor-widget-container\">\n\t\t\t\t\t\t\t\t\t<p><span style=\"color: #000000;\">Acompa\u00f1amos art\u00edculo publicado en Debate, sobre citado acto<\/span><\/p>\n<p><a href=\"https:\/\/www.eldebate.com\/historia\/20220506\/historia-cobra-vida-nuevo-proyecto.html\" target=\"_blank\" rel=\"noopener\">https:\/\/www.eldebate.com\/historia\/20220506\/historia-cobra-vida-nuevo-proyecto.html<\/a><\/p>\t\t\t\t\t\t\t\t<\/div>\n\t\t\t\t<\/div>\n\t\t\t\t\t<\/div>\n\t\t<\/div>\n\t\t\t\t\t<\/div>\n\t\t<\/section>\n\t\t\t\t<section class=\"elementor-section elementor-top-section elementor-element elementor-element-0b59cea elementor-section-boxed elementor-section-height-default elementor-section-height-default\" data-id=\"0b59cea\" data-element_type=\"section\" data-e-type=\"section\">\n\t\t\t\t\t\t<div class=\"elementor-container elementor-column-gap-default\">\n\t\t\t\t\t<div class=\"elementor-column elementor-col-100 elementor-top-column elementor-element elementor-element-a765419\" data-id=\"a765419\" data-element_type=\"column\" data-e-type=\"column\">\n\t\t\t<div class=\"elementor-widget-wrap elementor-element-populated\">\n\t\t\t\t\t\t<div class=\"elementor-element elementor-element-8cdc78d elementor-widget-divider--view-line_icon elementor-view-default elementor-widget-divider--element-align-center elementor-widget elementor-widget-divider\" data-id=\"8cdc78d\" data-element_type=\"widget\" data-e-type=\"widget\" data-widget_type=\"divider.default\">\n\t\t\t\t<div class=\"elementor-widget-container\">\n\t\t\t\t\t\t\t<div class=\"elementor-divider\">\n\t\t\t<span class=\"elementor-divider-separator\">\n\t\t\t\t\t\t\t<div class=\"elementor-icon elementor-divider__element\">\n\t\t\t\t\t<i aria-hidden=\"true\" class=\"fas fa-star\"><\/i><\/div>\n\t\t\t\t\t\t<\/span>\n\t\t<\/div>\n\t\t\t\t\t\t<\/div>\n\t\t\t\t<\/div>\n\t\t\t\t\t<\/div>\n\t\t<\/div>\n\t\t\t\t\t<\/div>\n\t\t<\/section>\n\t\t\t\t<section class=\"elementor-section elementor-top-section elementor-element elementor-element-194c5fd elementor-section-boxed elementor-section-height-default elementor-section-height-default\" data-id=\"194c5fd\" data-element_type=\"section\" data-e-type=\"section\">\n\t\t\t\t\t\t<div class=\"elementor-container elementor-column-gap-default\">\n\t\t\t\t\t<div class=\"elementor-column elementor-col-50 elementor-top-column elementor-element elementor-element-7767445\" data-id=\"7767445\" data-element_type=\"column\" data-e-type=\"column\">\n\t\t\t<div class=\"elementor-widget-wrap elementor-element-populated\">\n\t\t\t\t\t\t<div class=\"elementor-element elementor-element-66fac12 elementor-widget elementor-widget-image\" data-id=\"66fac12\" data-element_type=\"widget\" data-e-type=\"widget\" data-widget_type=\"image.default\">\n\t\t\t\t<div class=\"elementor-widget-container\">\n\t\t\t\t\t\t\t\t\t\t\t\t<figure class=\"wp-caption\">\n\t\t\t\t\t\t\t\t\t\t<img fetchpriority=\"high\" decoding=\"async\" width=\"454\" height=\"259\" src=\"https:\/\/acsantiago.org\/wp-content\/uploads\/2022\/04\/isabel_la_catolica.jpg\" class=\"attachment-large size-large wp-image-802\" alt=\"Isabel La Cat\u00f3lica\" srcset=\"https:\/\/acsantiago.org\/wp-content\/uploads\/2022\/04\/isabel_la_catolica.jpg 454w, https:\/\/acsantiago.org\/wp-content\/uploads\/2022\/04\/isabel_la_catolica-300x171.jpg 300w\" sizes=\"(max-width: 454px) 100vw, 454px\" \/>\t\t\t\t\t\t\t\t\t\t\t<figcaption class=\"widget-image-caption wp-caption-text\">Isabel La Cat\u00f3lica<\/figcaption>\n\t\t\t\t\t\t\t\t\t\t<\/figure>\n\t\t\t\t\t\t\t\t\t<\/div>\n\t\t\t\t<\/div>\n\t\t\t\t\t<\/div>\n\t\t<\/div>\n\t\t\t\t<div class=\"elementor-column elementor-col-50 elementor-top-column elementor-element elementor-element-9f5e45e\" data-id=\"9f5e45e\" data-element_type=\"column\" data-e-type=\"column\">\n\t\t\t<div class=\"elementor-widget-wrap elementor-element-populated\">\n\t\t\t\t\t\t<div class=\"elementor-element elementor-element-37faf87 elementor-widget elementor-widget-text-editor\" data-id=\"37faf87\" data-element_type=\"widget\" data-e-type=\"widget\" data-widget_type=\"text-editor.default\">\n\t\t\t\t<div class=\"elementor-widget-container\">\n\t\t\t\t\t\t\t\t\t<p><b>Isabel I de Castilla<\/b>&nbsp;(<a title=\"Madrigal de las Altas Torres\" href=\"https:\/\/es.wikipedia.org\/wiki\/Madrigal_de_las_Altas_Torres\">Madrigal de las Altas Torres<\/a>,&nbsp;<a title=\"22 de abril\" href=\"https:\/\/es.wikipedia.org\/wiki\/22_de_abril\">22 de abril<\/a>&nbsp;de&nbsp;<a title=\"1451\" href=\"https:\/\/es.wikipedia.org\/wiki\/1451\">1451<\/a>&#8211;<a title=\"Medina del Campo\" href=\"https:\/\/es.wikipedia.org\/wiki\/Medina_del_Campo\">Medina del Campo<\/a>,&nbsp;<a title=\"26 de noviembre\" href=\"https:\/\/es.wikipedia.org\/wiki\/26_de_noviembre\">26 de noviembre<\/a>&nbsp;de&nbsp;<a title=\"1504\" href=\"https:\/\/es.wikipedia.org\/wiki\/1504\">1504<\/a>) fue&nbsp;<a class=\"mw-redirect\" title=\"Reyes de Castilla\" href=\"https:\/\/es.wikipedia.org\/wiki\/Reyes_de_Castilla\">reina de Castilla<\/a>&nbsp;desde 1474 hasta 1504,&nbsp;<a title=\"Reina consorte\" href=\"https:\/\/es.wikipedia.org\/wiki\/Reina_consorte\">reina consorte<\/a>&nbsp;de&nbsp;<a title=\"Reino de Sicilia\" href=\"https:\/\/es.wikipedia.org\/wiki\/Reino_de_Sicilia\">Sicilia<\/a>&nbsp;desde 1469 y de&nbsp;<a title=\"Corona de Arag\u00f3n\" href=\"https:\/\/es.wikipedia.org\/wiki\/Corona_de_Arag%C3%B3n\">Arag\u00f3n<\/a>&nbsp;desde 1479, por su matrimonio con&nbsp;<a class=\"mw-redirect\" title=\"Fernando el Cat\u00f3lico\" href=\"https:\/\/es.wikipedia.org\/wiki\/Fernando_el_Cat%C3%B3lico\">Fernando de Arag\u00f3n<\/a>. Tambi\u00e9n ejerci\u00f3 como&nbsp;<a class=\"mw-redirect\" title=\"Se\u00f1orio de Vizcaya\" href=\"https:\/\/es.wikipedia.org\/wiki\/Se%C3%B1orio_de_Vizcaya\">se\u00f1ora de Vizcaya<\/a>. Se conoce tambi\u00e9n como&nbsp;<b>Isabel la Cat\u00f3lica<\/b>, t\u00edtulo que le fue otorgado a ella y a su marido por el&nbsp;<a title=\"Papa\" href=\"https:\/\/es.wikipedia.org\/wiki\/Papa\">papa<\/a>&nbsp;<a title=\"Alejandro VI\" href=\"https:\/\/es.wikipedia.org\/wiki\/Alejandro_VI\">Alejandro VI<\/a>&nbsp;mediante la&nbsp;<a title=\"Bula\" href=\"https:\/\/es.wikipedia.org\/wiki\/Bula\">bula<\/a>&nbsp;<i>Si convenit<\/i>, el 19 de diciembre de 1496. Es por lo que se conoce a la pareja real con el nombre de&nbsp;<a title=\"Reyes Cat\u00f3licos\" href=\"https:\/\/es.wikipedia.org\/wiki\/Reyes_Cat%C3%B3licos\">Reyes Cat\u00f3licos<\/a>, t\u00edtulo que usar\u00edan en adelante pr\u00e1cticamente todos los&nbsp;<a title=\"Rey de Espa\u00f1a\" href=\"https:\/\/es.wikipedia.org\/wiki\/Rey_de_Espa%C3%B1a\">reyes de Espa\u00f1a<\/a><\/p>\t\t\t\t\t\t\t\t<\/div>\n\t\t\t\t<\/div>\n\t\t\t\t\t<\/div>\n\t\t<\/div>\n\t\t\t\t\t<\/div>\n\t\t<\/section>\n\t\t\t\t<section class=\"elementor-section elementor-top-section elementor-element elementor-element-d7c390a elementor-section-boxed elementor-section-height-default elementor-section-height-default\" data-id=\"d7c390a\" data-element_type=\"section\" data-e-type=\"section\">\n\t\t\t\t\t\t<div class=\"elementor-container elementor-column-gap-default\">\n\t\t\t\t\t<div class=\"elementor-column elementor-col-100 elementor-top-column elementor-element elementor-element-b29292b\" data-id=\"b29292b\" data-element_type=\"column\" data-e-type=\"column\">\n\t\t\t<div class=\"elementor-widget-wrap elementor-element-populated\">\n\t\t\t\t\t\t<div class=\"elementor-element elementor-element-1276d9a elementor-widget-divider--view-line_icon elementor-view-default elementor-widget-divider--element-align-center elementor-widget elementor-widget-divider\" data-id=\"1276d9a\" data-element_type=\"widget\" data-e-type=\"widget\" data-widget_type=\"divider.default\">\n\t\t\t\t<div class=\"elementor-widget-container\">\n\t\t\t\t\t\t\t<div class=\"elementor-divider\">\n\t\t\t<span class=\"elementor-divider-separator\">\n\t\t\t\t\t\t\t<div class=\"elementor-icon elementor-divider__element\">\n\t\t\t\t\t<i aria-hidden=\"true\" class=\"fas fa-star\"><\/i><\/div>\n\t\t\t\t\t\t<\/span>\n\t\t<\/div>\n\t\t\t\t\t\t<\/div>\n\t\t\t\t<\/div>\n\t\t\t\t\t<\/div>\n\t\t<\/div>\n\t\t\t\t\t<\/div>\n\t\t<\/section>\n\t\t\t\t<section class=\"elementor-section elementor-top-section elementor-element elementor-element-67fc2d0 elementor-section-boxed elementor-section-height-default elementor-section-height-default\" data-id=\"67fc2d0\" data-element_type=\"section\" data-e-type=\"section\">\n\t\t\t\t\t\t<div class=\"elementor-container elementor-column-gap-default\">\n\t\t\t\t\t<div class=\"elementor-column elementor-col-100 elementor-top-column elementor-element elementor-element-075b4aa\" data-id=\"075b4aa\" data-element_type=\"column\" data-e-type=\"column\">\n\t\t\t<div class=\"elementor-widget-wrap elementor-element-populated\">\n\t\t\t\t\t\t<div class=\"elementor-element elementor-element-91b6fdb elementor-widget elementor-widget-text-editor\" data-id=\"91b6fdb\" data-element_type=\"widget\" data-e-type=\"widget\" data-widget_type=\"text-editor.default\">\n\t\t\t\t<div class=\"elementor-widget-container\">\n\t\t\t\t\t\t\t\t\t<p><span style=\"color: #000000;\">Para vuestro conocimiento adjuntamos el convenio.<\/span><\/p>\n<p><span style=\"color: #000000;\"><!-- \/wp:paragraph --><!-- wp:paragraph --><\/span><\/p>\n<p><span style=\"color: #000000;\">Convenio colaborador<\/span> <a href=\"https:\/\/acsantiago.org\/wp-content\/uploads\/2022\/03\/Convenio-de-colaboracion.pdf\">https:\/\/acsantiago.org\/wp-content\/uploads\/2022\/03\/Convenio-de-colaboracion.pdf<\/a><\/p>\t\t\t\t\t\t\t\t<\/div>\n\t\t\t\t<\/div>\n\t\t\t\t\t<\/div>\n\t\t<\/div>\n\t\t\t\t\t<\/div>\n\t\t<\/section>\n\t\t\t\t<section class=\"elementor-section elementor-top-section elementor-element elementor-element-831e9f5 elementor-section-boxed elementor-section-height-default elementor-section-height-default\" data-id=\"831e9f5\" data-element_type=\"section\" data-e-type=\"section\">\n\t\t\t\t\t\t<div class=\"elementor-container elementor-column-gap-default\">\n\t\t\t\t\t<div class=\"elementor-column elementor-col-100 elementor-top-column elementor-element elementor-element-a710a06\" data-id=\"a710a06\" data-element_type=\"column\" data-e-type=\"column\">\n\t\t\t<div class=\"elementor-widget-wrap elementor-element-populated\">\n\t\t\t\t\t\t<div class=\"elementor-element elementor-element-39f5237 elementor-widget-divider--view-line_icon elementor-view-default elementor-widget-divider--element-align-center elementor-widget elementor-widget-divider\" data-id=\"39f5237\" data-element_type=\"widget\" data-e-type=\"widget\" data-widget_type=\"divider.default\">\n\t\t\t\t<div class=\"elementor-widget-container\">\n\t\t\t\t\t\t\t<div class=\"elementor-divider\">\n\t\t\t<span class=\"elementor-divider-separator\">\n\t\t\t\t\t\t\t<div class=\"elementor-icon elementor-divider__element\">\n\t\t\t\t\t<i aria-hidden=\"true\" class=\"fas fa-star\"><\/i><\/div>\n\t\t\t\t\t\t<\/span>\n\t\t<\/div>\n\t\t\t\t\t\t<\/div>\n\t\t\t\t<\/div>\n\t\t\t\t\t<\/div>\n\t\t<\/div>\n\t\t\t\t\t<\/div>\n\t\t<\/section>\n\t\t\t\t<section class=\"elementor-section elementor-top-section elementor-element elementor-element-b115267 elementor-section-boxed elementor-section-height-default elementor-section-height-default\" data-id=\"b115267\" data-element_type=\"section\" data-e-type=\"section\">\n\t\t\t\t\t\t<div class=\"elementor-container elementor-column-gap-default\">\n\t\t\t\t\t<div class=\"elementor-column elementor-col-100 elementor-top-column elementor-element elementor-element-878c81d\" data-id=\"878c81d\" data-element_type=\"column\" data-e-type=\"column\">\n\t\t\t<div class=\"elementor-widget-wrap elementor-element-populated\">\n\t\t\t\t\t\t<div class=\"elementor-element elementor-element-6b953ff elementor-widget elementor-widget-text-editor\" data-id=\"6b953ff\" data-element_type=\"widget\" data-e-type=\"widget\" data-widget_type=\"text-editor.default\">\n\t\t\t\t<div class=\"elementor-widget-container\">\n\t\t\t\t\t\t\t\t\t<p>Para ver perfectamente todo el trabajo que se est\u00e1 realizando en el proyecto cuadernos de la historia y con el fin de facilitar la visi\u00f3n del mismo incorporamos el enlace que os llevar\u00e1 directamente a la pagina de los Cuadernos de la Historia con todos sus contenidos.<\/p>\n<p>Dada la brillantez del mismo ser\u00eda conveniente su m\u00e1xima difusi\u00f3n\u00a0 que har\u00e1 garantizar el mismo a lo largo del tiempo.<\/p>\t\t\t\t\t\t\t\t<\/div>\n\t\t\t\t<\/div>\n\t\t\t\t\t<\/div>\n\t\t<\/div>\n\t\t\t\t\t<\/div>\n\t\t<\/section>\n\t\t\t\t<section class=\"elementor-section elementor-top-section elementor-element elementor-element-4ed04e0 elementor-section-boxed elementor-section-height-default elementor-section-height-default\" data-id=\"4ed04e0\" data-element_type=\"section\" data-e-type=\"section\">\n\t\t\t\t\t\t<div class=\"elementor-container elementor-column-gap-default\">\n\t\t\t\t\t<div class=\"elementor-column elementor-col-100 elementor-top-column elementor-element elementor-element-8344529\" data-id=\"8344529\" data-element_type=\"column\" data-e-type=\"column\">\n\t\t\t<div class=\"elementor-widget-wrap elementor-element-populated\">\n\t\t\t\t\t\t<div class=\"elementor-element elementor-element-1a3b949 elementor-widget elementor-widget-button\" data-id=\"1a3b949\" data-element_type=\"widget\" data-e-type=\"widget\" data-widget_type=\"button.default\">\n\t\t\t\t<div class=\"elementor-widget-container\">\n\t\t\t\t\t\t\t\t\t<div class=\"elementor-button-wrapper\">\n\t\t\t\t\t<a class=\"elementor-button elementor-button-link elementor-size-sm\" href=\"https:\/\/www.cuadernosdelahistoria.com\/podcast.html\" target=\"_blank\">\n\t\t\t\t\t\t<span class=\"elementor-button-content-wrapper\">\n\t\t\t\t\t\t\t\t\t<span class=\"elementor-button-text\">Acceso a Cuadernos de la Historia (clic aqu\u00ed)<\/span>\n\t\t\t\t\t<\/span>\n\t\t\t\t\t<\/a>\n\t\t\t\t<\/div>\n\t\t\t\t\t\t\t\t<\/div>\n\t\t\t\t<\/div>\n\t\t\t\t\t<\/div>\n\t\t<\/div>\n\t\t\t\t\t<\/div>\n\t\t<\/section>\n\t\t\t\t<section class=\"elementor-section elementor-top-section elementor-element elementor-element-9f151ef elementor-section-boxed elementor-section-height-default elementor-section-height-default\" data-id=\"9f151ef\" data-element_type=\"section\" data-e-type=\"section\">\n\t\t\t\t\t\t<div class=\"elementor-container elementor-column-gap-default\">\n\t\t\t\t\t<div class=\"elementor-column elementor-col-100 elementor-top-column elementor-element elementor-element-6b4a596\" data-id=\"6b4a596\" data-element_type=\"column\" data-e-type=\"column\">\n\t\t\t<div class=\"elementor-widget-wrap elementor-element-populated\">\n\t\t\t\t\t\t<div class=\"elementor-element elementor-element-c4be0d9 elementor-widget-divider--view-line_icon elementor-view-default elementor-widget-divider--element-align-center elementor-widget elementor-widget-divider\" data-id=\"c4be0d9\" data-element_type=\"widget\" data-e-type=\"widget\" data-widget_type=\"divider.default\">\n\t\t\t\t<div class=\"elementor-widget-container\">\n\t\t\t\t\t\t\t<div class=\"elementor-divider\">\n\t\t\t<span class=\"elementor-divider-separator\">\n\t\t\t\t\t\t\t<div class=\"elementor-icon elementor-divider__element\">\n\t\t\t\t\t<i aria-hidden=\"true\" class=\"fas fa-star\"><\/i><\/div>\n\t\t\t\t\t\t<\/span>\n\t\t<\/div>\n\t\t\t\t\t\t<\/div>\n\t\t\t\t<\/div>\n\t\t\t\t\t<\/div>\n\t\t<\/div>\n\t\t\t\t\t<\/div>\n\t\t<\/section>\n\t\t\t\t<\/div>\n\t\t","protected":false},"excerpt":{"rendered":"<p>Cuadernos de la Historia Aurelio Juarez, representante de la Asoc.Cultural Santiago \u00a0 El pasado d\u00eda 6 de mayo a las 12:00 horas tuvo lugar la presentaci\u00f3n del proyecto y desarrollo de\u00a0 \u201cCuadernos de la Historia\u201d, firmado por C.I.C, Universidad San Pablo Ceu, Fundaci\u00f3n Tercio de Extranjeros y Asociaci\u00f3n Cultural Santiago. El Acto se desarroll\u00f3 en [&hellip;]<\/p>\n","protected":false},"author":1,"featured_media":0,"parent":0,"menu_order":0,"comment_status":"closed","ping_status":"closed","template":"elementor_header_footer","meta":{"site-sidebar-layout":"default","site-content-layout":"","ast-site-content-layout":"default","site-content-style":"default","site-sidebar-style":"default","ast-global-header-display":"","ast-banner-title-visibility":"","ast-main-header-display":"","ast-hfb-above-header-display":"","ast-hfb-below-header-display":"","ast-hfb-mobile-header-display":"","site-post-title":"","ast-breadcrumbs-content":"","ast-featured-img":"","footer-sml-layout":"","ast-disable-related-posts":"","theme-transparent-header-meta":"","adv-header-id-meta":"","stick-header-meta":"","header-above-stick-meta":"","header-main-stick-meta":"","header-below-stick-meta":"","astra-migrate-meta-layouts":"default","ast-page-background-enabled":"default","ast-page-background-meta":{"desktop":{"background-color":"var(--ast-global-color-4)","background-image":"","background-repeat":"repeat","background-position":"center center","background-size":"auto","background-attachment":"scroll","background-type":"","background-media":"","overlay-type":"","overlay-color":"","overlay-opacity":"","overlay-gradient":""},"tablet":{"background-color":"","background-image":"","background-repeat":"repeat","background-position":"center center","background-size":"auto","background-attachment":"scroll","background-type":"","background-media":"","overlay-type":"","overlay-color":"","overlay-opacity":"","overlay-gradient":""},"mobile":{"background-color":"","background-image":"","background-repeat":"repeat","background-position":"center center","background-size":"auto","background-attachment":"scroll","background-type":"","background-media":"","overlay-type":"","overlay-color":"","overlay-opacity":"","overlay-gradient":""}},"ast-content-background-meta":{"desktop":{"background-color":"var(--ast-global-color-5)","background-image":"","background-repeat":"repeat","background-position":"center center","background-size":"auto","background-attachment":"scroll","background-type":"","background-media":"","overlay-type":"","overlay-color":"","overlay-opacity":"","overlay-gradient":""},"tablet":{"background-color":"var(--ast-global-color-5)","background-image":"","background-repeat":"repeat","background-position":"center center","background-size":"auto","background-attachment":"scroll","background-type":"","background-media":"","overlay-type":"","overlay-color":"","overlay-opacity":"","overlay-gradient":""},"mobile":{"background-color":"var(--ast-global-color-5)","background-image":"","background-repeat":"repeat","background-position":"center center","background-size":"auto","background-attachment":"scroll","background-type":"","background-media":"","overlay-type":"","overlay-color":"","overlay-opacity":"","overlay-gradient":""}},"footnotes":""},"class_list":["post-678","page","type-page","status-publish","hentry"],"yoast_head":"<!-- This site is optimized with the Yoast SEO plugin v27.4 - https:\/\/yoast.com\/product\/yoast-seo-wordpress\/ -->\n<title>Cuadernos de la Historia - Asociaci\u00f3n Cultural Santiago<\/title>\n<meta name=\"robots\" content=\"index, follow, max-snippet:-1, max-image-preview:large, max-video-preview:-1\" \/>\n<link rel=\"canonical\" href=\"https:\/\/acsantiago.org\/index.php\/3-cuadernos-de-la-historia\/\" \/>\n<meta property=\"og:locale\" content=\"es_ES\" \/>\n<meta property=\"og:type\" content=\"article\" \/>\n<meta property=\"og:title\" content=\"Cuadernos de la Historia - Asociaci\u00f3n Cultural Santiago\" \/>\n<meta property=\"og:description\" content=\"Cuadernos de la Historia Aurelio Juarez, representante de la Asoc.Cultural Santiago \u00a0 El pasado d\u00eda 6 de mayo a las 12:00 horas tuvo lugar la presentaci\u00f3n del proyecto y desarrollo de\u00a0 \u201cCuadernos de la Historia\u201d, firmado por C.I.C, Universidad San Pablo Ceu, Fundaci\u00f3n Tercio de Extranjeros y Asociaci\u00f3n Cultural Santiago. El Acto se desarroll\u00f3 en [&hellip;]\" \/>\n<meta property=\"og:url\" content=\"https:\/\/acsantiago.org\/index.php\/3-cuadernos-de-la-historia\/\" \/>\n<meta property=\"og:site_name\" content=\"Asociaci\u00f3n Cultural Santiago\" \/>\n<meta property=\"article:modified_time\" content=\"2022-08-01T08:06:13+00:00\" \/>\n<meta property=\"og:image\" content=\"https:\/\/acsantiago.org\/wp-content\/uploads\/elementor\/thumbs\/Aurelio-Juarez-pom7pj99kj1a5kn3j5ohqpnmmglsex161devszo614.jpg\" \/>\n<meta name=\"twitter:card\" content=\"summary_large_image\" \/>\n<meta name=\"twitter:label1\" content=\"Tiempo de lectura\" \/>\n\t<meta name=\"twitter:data1\" content=\"3 minutos\" \/>\n<script type=\"application\/ld+json\" class=\"yoast-schema-graph\">{\"@context\":\"https:\\\/\\\/schema.org\",\"@graph\":[{\"@type\":\"WebPage\",\"@id\":\"https:\\\/\\\/acsantiago.org\\\/index.php\\\/3-cuadernos-de-la-historia\\\/\",\"url\":\"https:\\\/\\\/acsantiago.org\\\/index.php\\\/3-cuadernos-de-la-historia\\\/\",\"name\":\"Cuadernos de la Historia - Asociaci\u00f3n Cultural Santiago\",\"isPartOf\":{\"@id\":\"https:\\\/\\\/acsantiago.org\\\/#website\"},\"primaryImageOfPage\":{\"@id\":\"https:\\\/\\\/acsantiago.org\\\/index.php\\\/3-cuadernos-de-la-historia\\\/#primaryimage\"},\"image\":{\"@id\":\"https:\\\/\\\/acsantiago.org\\\/index.php\\\/3-cuadernos-de-la-historia\\\/#primaryimage\"},\"thumbnailUrl\":\"https:\\\/\\\/acsantiago.org\\\/wp-content\\\/uploads\\\/elementor\\\/thumbs\\\/Aurelio-Juarez-pom7pj99kj1a5kn3j5ohqpnmmglsex161devszo614.jpg\",\"datePublished\":\"2022-04-19T16:43:11+00:00\",\"dateModified\":\"2022-08-01T08:06:13+00:00\",\"breadcrumb\":{\"@id\":\"https:\\\/\\\/acsantiago.org\\\/index.php\\\/3-cuadernos-de-la-historia\\\/#breadcrumb\"},\"inLanguage\":\"es\",\"potentialAction\":[{\"@type\":\"ReadAction\",\"target\":[\"https:\\\/\\\/acsantiago.org\\\/index.php\\\/3-cuadernos-de-la-historia\\\/\"]}]},{\"@type\":\"ImageObject\",\"inLanguage\":\"es\",\"@id\":\"https:\\\/\\\/acsantiago.org\\\/index.php\\\/3-cuadernos-de-la-historia\\\/#primaryimage\",\"url\":\"https:\\\/\\\/acsantiago.org\\\/wp-content\\\/uploads\\\/elementor\\\/thumbs\\\/Aurelio-Juarez-pom7pj99kj1a5kn3j5ohqpnmmglsex161devszo614.jpg\",\"contentUrl\":\"https:\\\/\\\/acsantiago.org\\\/wp-content\\\/uploads\\\/elementor\\\/thumbs\\\/Aurelio-Juarez-pom7pj99kj1a5kn3j5ohqpnmmglsex161devszo614.jpg\"},{\"@type\":\"BreadcrumbList\",\"@id\":\"https:\\\/\\\/acsantiago.org\\\/index.php\\\/3-cuadernos-de-la-historia\\\/#breadcrumb\",\"itemListElement\":[{\"@type\":\"ListItem\",\"position\":1,\"name\":\"Portada\",\"item\":\"https:\\\/\\\/acsantiago.org\\\/\"},{\"@type\":\"ListItem\",\"position\":2,\"name\":\"Cuadernos de la Historia\"}]},{\"@type\":\"WebSite\",\"@id\":\"https:\\\/\\\/acsantiago.org\\\/#website\",\"url\":\"https:\\\/\\\/acsantiago.org\\\/\",\"name\":\"Asociaci\u00f3n Cultural Santiago\",\"description\":\"Just another WordPress site\",\"publisher\":{\"@id\":\"https:\\\/\\\/acsantiago.org\\\/#organization\"},\"potentialAction\":[{\"@type\":\"SearchAction\",\"target\":{\"@type\":\"EntryPoint\",\"urlTemplate\":\"https:\\\/\\\/acsantiago.org\\\/?s={search_term_string}\"},\"query-input\":{\"@type\":\"PropertyValueSpecification\",\"valueRequired\":true,\"valueName\":\"search_term_string\"}}],\"inLanguage\":\"es\"},{\"@type\":\"Organization\",\"@id\":\"https:\\\/\\\/acsantiago.org\\\/#organization\",\"name\":\"Asociaci\u00f3n Cultural Santiago\",\"url\":\"https:\\\/\\\/acsantiago.org\\\/\",\"logo\":{\"@type\":\"ImageObject\",\"inLanguage\":\"es\",\"@id\":\"https:\\\/\\\/acsantiago.org\\\/#\\\/schema\\\/logo\\\/image\\\/\",\"url\":\"https:\\\/\\\/acsantiago.org\\\/wp-content\\\/uploads\\\/2022\\\/02\\\/cropped-cropped-IMG-20220131-WA0001-2.jpg\",\"contentUrl\":\"https:\\\/\\\/acsantiago.org\\\/wp-content\\\/uploads\\\/2022\\\/02\\\/cropped-cropped-IMG-20220131-WA0001-2.jpg\",\"width\":1039,\"height\":989,\"caption\":\"Asociaci\u00f3n Cultural Santiago\"},\"image\":{\"@id\":\"https:\\\/\\\/acsantiago.org\\\/#\\\/schema\\\/logo\\\/image\\\/\"}}]}<\/script>\n<!-- \/ Yoast SEO plugin. -->","yoast_head_json":{"title":"Cuadernos de la Historia - Asociaci\u00f3n Cultural Santiago","robots":{"index":"index","follow":"follow","max-snippet":"max-snippet:-1","max-image-preview":"max-image-preview:large","max-video-preview":"max-video-preview:-1"},"canonical":"https:\/\/acsantiago.org\/index.php\/3-cuadernos-de-la-historia\/","og_locale":"es_ES","og_type":"article","og_title":"Cuadernos de la Historia - Asociaci\u00f3n Cultural Santiago","og_description":"Cuadernos de la Historia Aurelio Juarez, representante de la Asoc.Cultural Santiago \u00a0 El pasado d\u00eda 6 de mayo a las 12:00 horas tuvo lugar la presentaci\u00f3n del proyecto y desarrollo de\u00a0 \u201cCuadernos de la Historia\u201d, firmado por C.I.C, Universidad San Pablo Ceu, Fundaci\u00f3n Tercio de Extranjeros y Asociaci\u00f3n Cultural Santiago. El Acto se desarroll\u00f3 en [&hellip;]","og_url":"https:\/\/acsantiago.org\/index.php\/3-cuadernos-de-la-historia\/","og_site_name":"Asociaci\u00f3n Cultural Santiago","article_modified_time":"2022-08-01T08:06:13+00:00","og_image":[{"url":"https:\/\/acsantiago.org\/wp-content\/uploads\/elementor\/thumbs\/Aurelio-Juarez-pom7pj99kj1a5kn3j5ohqpnmmglsex161devszo614.jpg","type":"","width":"","height":""}],"twitter_card":"summary_large_image","twitter_misc":{"Tiempo de lectura":"3 minutos"},"schema":{"@context":"https:\/\/schema.org","@graph":[{"@type":"WebPage","@id":"https:\/\/acsantiago.org\/index.php\/3-cuadernos-de-la-historia\/","url":"https:\/\/acsantiago.org\/index.php\/3-cuadernos-de-la-historia\/","name":"Cuadernos de la Historia - Asociaci\u00f3n Cultural Santiago","isPartOf":{"@id":"https:\/\/acsantiago.org\/#website"},"primaryImageOfPage":{"@id":"https:\/\/acsantiago.org\/index.php\/3-cuadernos-de-la-historia\/#primaryimage"},"image":{"@id":"https:\/\/acsantiago.org\/index.php\/3-cuadernos-de-la-historia\/#primaryimage"},"thumbnailUrl":"https:\/\/acsantiago.org\/wp-content\/uploads\/elementor\/thumbs\/Aurelio-Juarez-pom7pj99kj1a5kn3j5ohqpnmmglsex161devszo614.jpg","datePublished":"2022-04-19T16:43:11+00:00","dateModified":"2022-08-01T08:06:13+00:00","breadcrumb":{"@id":"https:\/\/acsantiago.org\/index.php\/3-cuadernos-de-la-historia\/#breadcrumb"},"inLanguage":"es","potentialAction":[{"@type":"ReadAction","target":["https:\/\/acsantiago.org\/index.php\/3-cuadernos-de-la-historia\/"]}]},{"@type":"ImageObject","inLanguage":"es","@id":"https:\/\/acsantiago.org\/index.php\/3-cuadernos-de-la-historia\/#primaryimage","url":"https:\/\/acsantiago.org\/wp-content\/uploads\/elementor\/thumbs\/Aurelio-Juarez-pom7pj99kj1a5kn3j5ohqpnmmglsex161devszo614.jpg","contentUrl":"https:\/\/acsantiago.org\/wp-content\/uploads\/elementor\/thumbs\/Aurelio-Juarez-pom7pj99kj1a5kn3j5ohqpnmmglsex161devszo614.jpg"},{"@type":"BreadcrumbList","@id":"https:\/\/acsantiago.org\/index.php\/3-cuadernos-de-la-historia\/#breadcrumb","itemListElement":[{"@type":"ListItem","position":1,"name":"Portada","item":"https:\/\/acsantiago.org\/"},{"@type":"ListItem","position":2,"name":"Cuadernos de la Historia"}]},{"@type":"WebSite","@id":"https:\/\/acsantiago.org\/#website","url":"https:\/\/acsantiago.org\/","name":"Asociaci\u00f3n Cultural Santiago","description":"Just another WordPress site","publisher":{"@id":"https:\/\/acsantiago.org\/#organization"},"potentialAction":[{"@type":"SearchAction","target":{"@type":"EntryPoint","urlTemplate":"https:\/\/acsantiago.org\/?s={search_term_string}"},"query-input":{"@type":"PropertyValueSpecification","valueRequired":true,"valueName":"search_term_string"}}],"inLanguage":"es"},{"@type":"Organization","@id":"https:\/\/acsantiago.org\/#organization","name":"Asociaci\u00f3n Cultural Santiago","url":"https:\/\/acsantiago.org\/","logo":{"@type":"ImageObject","inLanguage":"es","@id":"https:\/\/acsantiago.org\/#\/schema\/logo\/image\/","url":"https:\/\/acsantiago.org\/wp-content\/uploads\/2022\/02\/cropped-cropped-IMG-20220131-WA0001-2.jpg","contentUrl":"https:\/\/acsantiago.org\/wp-content\/uploads\/2022\/02\/cropped-cropped-IMG-20220131-WA0001-2.jpg","width":1039,"height":989,"caption":"Asociaci\u00f3n Cultural Santiago"},"image":{"@id":"https:\/\/acsantiago.org\/#\/schema\/logo\/image\/"}}]}},"amp_enabled":false,"_links":{"self":[{"href":"https:\/\/acsantiago.org\/index.php\/wp-json\/wp\/v2\/pages\/678","targetHints":{"allow":["GET"]}}],"collection":[{"href":"https:\/\/acsantiago.org\/index.php\/wp-json\/wp\/v2\/pages"}],"about":[{"href":"https:\/\/acsantiago.org\/index.php\/wp-json\/wp\/v2\/types\/page"}],"author":[{"embeddable":true,"href":"https:\/\/acsantiago.org\/index.php\/wp-json\/wp\/v2\/users\/1"}],"replies":[{"embeddable":true,"href":"https:\/\/acsantiago.org\/index.php\/wp-json\/wp\/v2\/comments?post=678"}],"version-history":[{"count":176,"href":"https:\/\/acsantiago.org\/index.php\/wp-json\/wp\/v2\/pages\/678\/revisions"}],"predecessor-version":[{"id":1565,"href":"https:\/\/acsantiago.org\/index.php\/wp-json\/wp\/v2\/pages\/678\/revisions\/1565"}],"wp:attachment":[{"href":"https:\/\/acsantiago.org\/index.php\/wp-json\/wp\/v2\/media?parent=678"}],"curies":[{"name":"wp","href":"https:\/\/api.w.org\/{rel}","templated":true}]}}