{"id":2279,"date":"2023-04-19T14:31:20","date_gmt":"2023-04-19T14:31:20","guid":{"rendered":"https:\/\/acsantiago.org\/?page_id=2279"},"modified":"2023-04-19T15:38:33","modified_gmt":"2023-04-19T15:38:33","slug":"entrega-del-premio-marabini-y-la-celebracion-de-san-ermenegildo","status":"publish","type":"page","link":"https:\/\/acsantiago.org\/index.php\/entrega-del-premio-marabini-y-la-celebracion-de-san-ermenegildo\/","title":{"rendered":"Premio Marabini"},"content":{"rendered":"\t\t<div data-elementor-type=\"wp-page\" data-elementor-id=\"2279\" class=\"elementor elementor-2279\">\n\t\t\t\t\t\t<section class=\"elementor-section elementor-top-section elementor-element elementor-element-95ca474 elementor-section-boxed elementor-section-height-default elementor-section-height-default\" data-id=\"95ca474\" data-element_type=\"section\" data-e-type=\"section\">\n\t\t\t\t\t\t<div class=\"elementor-container elementor-column-gap-default\">\n\t\t\t\t\t<div class=\"elementor-column elementor-col-100 elementor-top-column elementor-element elementor-element-06ebba3\" data-id=\"06ebba3\" data-element_type=\"column\" data-e-type=\"column\">\n\t\t\t<div class=\"elementor-widget-wrap elementor-element-populated\">\n\t\t\t\t\t\t<div class=\"elementor-element elementor-element-f31795e elementor-widget elementor-widget-heading\" data-id=\"f31795e\" data-element_type=\"widget\" data-e-type=\"widget\" data-widget_type=\"heading.default\">\n\t\t\t\t<div class=\"elementor-widget-container\">\n\t\t\t\t\t<h2 class=\"elementor-heading-title elementor-size-default\">Entrega del Premio Marabini y la celebraci\u00f3n de San Ermenegildo<\/h2>\t\t\t\t<\/div>\n\t\t\t\t<\/div>\n\t\t\t\t\t<\/div>\n\t\t<\/div>\n\t\t\t\t\t<\/div>\n\t\t<\/section>\n\t\t\t\t<section class=\"elementor-section elementor-top-section elementor-element elementor-element-32d9861 elementor-section-boxed elementor-section-height-default elementor-section-height-default\" data-id=\"32d9861\" data-element_type=\"section\" data-e-type=\"section\">\n\t\t\t\t\t\t<div class=\"elementor-container elementor-column-gap-default\">\n\t\t\t\t\t<div class=\"elementor-column elementor-col-50 elementor-top-column elementor-element elementor-element-b5bdd5b\" data-id=\"b5bdd5b\" data-element_type=\"column\" data-e-type=\"column\">\n\t\t\t<div class=\"elementor-widget-wrap elementor-element-populated\">\n\t\t\t\t\t\t<div class=\"elementor-element elementor-element-d7f1ec5 elementor-widget elementor-widget-image\" data-id=\"d7f1ec5\" data-element_type=\"widget\" data-e-type=\"widget\" data-widget_type=\"image.default\">\n\t\t\t\t<div class=\"elementor-widget-container\">\n\t\t\t\t\t\t\t\t\t\t\t\t\t\t\t<img fetchpriority=\"high\" decoding=\"async\" width=\"1024\" height=\"768\" src=\"https:\/\/acsantiago.org\/wp-content\/uploads\/2023\/04\/a-1-1024x768.jpeg\" class=\"attachment-large size-large wp-image-2299\" alt=\"\" srcset=\"https:\/\/acsantiago.org\/wp-content\/uploads\/2023\/04\/a-1-1024x768.jpeg 1024w, https:\/\/acsantiago.org\/wp-content\/uploads\/2023\/04\/a-1-300x225.jpeg 300w, https:\/\/acsantiago.org\/wp-content\/uploads\/2023\/04\/a-1-768x576.jpeg 768w, https:\/\/acsantiago.org\/wp-content\/uploads\/2023\/04\/a-1-1536x1152.jpeg 1536w, https:\/\/acsantiago.org\/wp-content\/uploads\/2023\/04\/a-1.jpeg 2048w\" sizes=\"(max-width: 1024px) 100vw, 1024px\" \/>\t\t\t\t\t\t\t\t\t\t\t\t\t\t\t<\/div>\n\t\t\t\t<\/div>\n\t\t\t\t\t<\/div>\n\t\t<\/div>\n\t\t\t\t<div class=\"elementor-column elementor-col-50 elementor-top-column elementor-element elementor-element-0326273\" data-id=\"0326273\" data-element_type=\"column\" data-e-type=\"column\">\n\t\t\t<div class=\"elementor-widget-wrap elementor-element-populated\">\n\t\t\t\t\t\t<div class=\"elementor-element elementor-element-2087d0a elementor-widget elementor-widget-text-editor\" data-id=\"2087d0a\" data-element_type=\"widget\" data-e-type=\"widget\" data-widget_type=\"text-editor.default\">\n\t\t\t\t<div class=\"elementor-widget-container\">\n\t\t\t\t\t\t\t\t\t<p><strong>El pasado d\u00eda 13 de Abril festividad de San Ermenegildo, presidido por el Presidente de la Hermandad de Veteranos, Coronel D. Juan Carlos Cerrato.<\/strong><\/p><p><strong>Se celebr\u00f3 la Santa Misa por todos los fallecidos de la Fuerzas Armadas y de la Guardia Civil y seguidamente se desarrollo una comida de hermandad haci\u00e9ndose entrega de diversas distinciones, as\u00ed como el primer premio Coronel Marabini, este \u00faltimo recay\u00f3 en la Asoc. Cultural Santiago a cuyos miembros presentes se les hizo entrega de una preciosa escultura; despu\u00e9s de la lectura de diversos los m\u00e9ritos y acciones realizadas durante estos \u00faltimos 30 a\u00f1os, el premio fue recogido por el Sr. Presidente siendo acompa\u00f1ado por los socios que se encontraban presentes.<\/strong><\/p><p><strong>Para finalizar con unas palabras de agradecimiento y recuerdo a los que han formado durante estos 30 a\u00f1os la Asociaci\u00f3n as\u00ed como el que dio vida a la misma el Tte de la Legi\u00f3n D. Arturo Mu\u00f1oz Castellanos, primer soldado Espa\u00f1ol muerto en misiones internacionales en la antigua Yugoslavia y que dar\u00eda lugar al nacimiento de la A.C.S<\/strong><\/p>\t\t\t\t\t\t\t\t<\/div>\n\t\t\t\t<\/div>\n\t\t\t\t\t<\/div>\n\t\t<\/div>\n\t\t\t\t\t<\/div>\n\t\t<\/section>\n\t\t\t\t<section class=\"elementor-section elementor-top-section elementor-element elementor-element-267daeb elementor-section-boxed elementor-section-height-default elementor-section-height-default\" data-id=\"267daeb\" data-element_type=\"section\" data-e-type=\"section\">\n\t\t\t\t\t\t<div class=\"elementor-container elementor-column-gap-default\">\n\t\t\t\t\t<div class=\"elementor-column elementor-col-100 elementor-top-column elementor-element elementor-element-58d9804\" data-id=\"58d9804\" data-element_type=\"column\" data-e-type=\"column\">\n\t\t\t<div class=\"elementor-widget-wrap elementor-element-populated\">\n\t\t\t\t\t\t\t<\/div>\n\t\t<\/div>\n\t\t\t\t\t<\/div>\n\t\t<\/section>\n\t\t\t\t<\/div>\n\t\t","protected":false},"excerpt":{"rendered":"<p>Entrega del Premio Marabini y la celebraci\u00f3n de San Ermenegildo El pasado d\u00eda 13 de Abril festividad de San Ermenegildo, presidido por el Presidente de la Hermandad de Veteranos, Coronel D. Juan Carlos Cerrato. Se celebr\u00f3 la Santa Misa por todos los fallecidos de la Fuerzas Armadas y de la Guardia Civil y seguidamente se [&hellip;]<\/p>\n","protected":false},"author":1,"featured_media":0,"parent":0,"menu_order":0,"comment_status":"closed","ping_status":"closed","template":"","meta":{"site-sidebar-layout":"no-sidebar","site-content-layout":"page-builder","ast-site-content-layout":"default","site-content-style":"default","site-sidebar-style":"default","ast-global-header-display":"","ast-banner-title-visibility":"","ast-main-header-display":"","ast-hfb-above-header-display":"","ast-hfb-below-header-display":"","ast-hfb-mobile-header-display":"","site-post-title":"disabled","ast-breadcrumbs-content":"","ast-featured-img":"disabled","footer-sml-layout":"","ast-disable-related-posts":"","theme-transparent-header-meta":"","adv-header-id-meta":"","stick-header-meta":"","header-above-stick-meta":"","header-main-stick-meta":"","header-below-stick-meta":"","astra-migrate-meta-layouts":"default","ast-page-background-enabled":"default","ast-page-background-meta":{"desktop":{"background-color":"var(--ast-global-color-4)","background-image":"","background-repeat":"repeat","background-position":"center center","background-size":"auto","background-attachment":"scroll","background-type":"","background-media":"","overlay-type":"","overlay-color":"","overlay-opacity":"","overlay-gradient":""},"tablet":{"background-color":"","background-image":"","background-repeat":"repeat","background-position":"center center","background-size":"auto","background-attachment":"scroll","background-type":"","background-media":"","overlay-type":"","overlay-color":"","overlay-opacity":"","overlay-gradient":""},"mobile":{"background-color":"","background-image":"","background-repeat":"repeat","background-position":"center center","background-size":"auto","background-attachment":"scroll","background-type":"","background-media":"","overlay-type":"","overlay-color":"","overlay-opacity":"","overlay-gradient":""}},"ast-content-background-meta":{"desktop":{"background-color":"var(--ast-global-color-5)","background-image":"","background-repeat":"repeat","background-position":"center center","background-size":"auto","background-attachment":"scroll","background-type":"","background-media":"","overlay-type":"","overlay-color":"","overlay-opacity":"","overlay-gradient":""},"tablet":{"background-color":"var(--ast-global-color-5)","background-image":"","background-repeat":"repeat","background-position":"center center","background-size":"auto","background-attachment":"scroll","background-type":"","background-media":"","overlay-type":"","overlay-color":"","overlay-opacity":"","overlay-gradient":""},"mobile":{"background-color":"var(--ast-global-color-5)","background-image":"","background-repeat":"repeat","background-position":"center center","background-size":"auto","background-attachment":"scroll","background-type":"","background-media":"","overlay-type":"","overlay-color":"","overlay-opacity":"","overlay-gradient":""}},"footnotes":""},"class_list":["post-2279","page","type-page","status-publish","hentry"],"yoast_head":"<!-- This site is optimized with the Yoast SEO plugin v27.4 - https:\/\/yoast.com\/product\/yoast-seo-wordpress\/ -->\n<title>Premio Marabini - Asociaci\u00f3n Cultural Santiago<\/title>\n<meta name=\"robots\" content=\"index, follow, max-snippet:-1, max-image-preview:large, max-video-preview:-1\" \/>\n<link rel=\"canonical\" href=\"https:\/\/acsantiago.org\/index.php\/entrega-del-premio-marabini-y-la-celebracion-de-san-ermenegildo\/\" \/>\n<meta property=\"og:locale\" content=\"es_ES\" \/>\n<meta property=\"og:type\" content=\"article\" \/>\n<meta property=\"og:title\" content=\"Premio Marabini - Asociaci\u00f3n Cultural Santiago\" \/>\n<meta property=\"og:description\" content=\"Entrega del Premio Marabini y la celebraci\u00f3n de San Ermenegildo El pasado d\u00eda 13 de Abril festividad de San Ermenegildo, presidido por el Presidente de la Hermandad de Veteranos, Coronel D. Juan Carlos Cerrato. Se celebr\u00f3 la Santa Misa por todos los fallecidos de la Fuerzas Armadas y de la Guardia Civil y seguidamente se [&hellip;]\" \/>\n<meta property=\"og:url\" content=\"https:\/\/acsantiago.org\/index.php\/entrega-del-premio-marabini-y-la-celebracion-de-san-ermenegildo\/\" \/>\n<meta property=\"og:site_name\" content=\"Asociaci\u00f3n Cultural Santiago\" \/>\n<meta property=\"article:modified_time\" content=\"2023-04-19T15:38:33+00:00\" \/>\n<meta property=\"og:image\" content=\"https:\/\/acsantiago.org\/wp-content\/uploads\/2023\/04\/a-1-1024x768.jpeg\" \/>\n<meta name=\"twitter:card\" content=\"summary_large_image\" \/>\n<meta name=\"twitter:label1\" content=\"Tiempo de lectura\" \/>\n\t<meta name=\"twitter:data1\" content=\"2 minutos\" \/>\n<script type=\"application\/ld+json\" class=\"yoast-schema-graph\">{\"@context\":\"https:\\\/\\\/schema.org\",\"@graph\":[{\"@type\":\"WebPage\",\"@id\":\"https:\\\/\\\/acsantiago.org\\\/index.php\\\/entrega-del-premio-marabini-y-la-celebracion-de-san-ermenegildo\\\/\",\"url\":\"https:\\\/\\\/acsantiago.org\\\/index.php\\\/entrega-del-premio-marabini-y-la-celebracion-de-san-ermenegildo\\\/\",\"name\":\"Premio Marabini - Asociaci\u00f3n Cultural Santiago\",\"isPartOf\":{\"@id\":\"https:\\\/\\\/acsantiago.org\\\/#website\"},\"primaryImageOfPage\":{\"@id\":\"https:\\\/\\\/acsantiago.org\\\/index.php\\\/entrega-del-premio-marabini-y-la-celebracion-de-san-ermenegildo\\\/#primaryimage\"},\"image\":{\"@id\":\"https:\\\/\\\/acsantiago.org\\\/index.php\\\/entrega-del-premio-marabini-y-la-celebracion-de-san-ermenegildo\\\/#primaryimage\"},\"thumbnailUrl\":\"https:\\\/\\\/acsantiago.org\\\/wp-content\\\/uploads\\\/2023\\\/04\\\/a-1-1024x768.jpeg\",\"datePublished\":\"2023-04-19T14:31:20+00:00\",\"dateModified\":\"2023-04-19T15:38:33+00:00\",\"breadcrumb\":{\"@id\":\"https:\\\/\\\/acsantiago.org\\\/index.php\\\/entrega-del-premio-marabini-y-la-celebracion-de-san-ermenegildo\\\/#breadcrumb\"},\"inLanguage\":\"es\",\"potentialAction\":[{\"@type\":\"ReadAction\",\"target\":[\"https:\\\/\\\/acsantiago.org\\\/index.php\\\/entrega-del-premio-marabini-y-la-celebracion-de-san-ermenegildo\\\/\"]}]},{\"@type\":\"ImageObject\",\"inLanguage\":\"es\",\"@id\":\"https:\\\/\\\/acsantiago.org\\\/index.php\\\/entrega-del-premio-marabini-y-la-celebracion-de-san-ermenegildo\\\/#primaryimage\",\"url\":\"https:\\\/\\\/acsantiago.org\\\/wp-content\\\/uploads\\\/2023\\\/04\\\/a-1-1024x768.jpeg\",\"contentUrl\":\"https:\\\/\\\/acsantiago.org\\\/wp-content\\\/uploads\\\/2023\\\/04\\\/a-1-1024x768.jpeg\"},{\"@type\":\"BreadcrumbList\",\"@id\":\"https:\\\/\\\/acsantiago.org\\\/index.php\\\/entrega-del-premio-marabini-y-la-celebracion-de-san-ermenegildo\\\/#breadcrumb\",\"itemListElement\":[{\"@type\":\"ListItem\",\"position\":1,\"name\":\"Portada\",\"item\":\"https:\\\/\\\/acsantiago.org\\\/\"},{\"@type\":\"ListItem\",\"position\":2,\"name\":\"Premio Marabini\"}]},{\"@type\":\"WebSite\",\"@id\":\"https:\\\/\\\/acsantiago.org\\\/#website\",\"url\":\"https:\\\/\\\/acsantiago.org\\\/\",\"name\":\"Asociaci\u00f3n Cultural Santiago\",\"description\":\"Just another WordPress site\",\"publisher\":{\"@id\":\"https:\\\/\\\/acsantiago.org\\\/#organization\"},\"potentialAction\":[{\"@type\":\"SearchAction\",\"target\":{\"@type\":\"EntryPoint\",\"urlTemplate\":\"https:\\\/\\\/acsantiago.org\\\/?s={search_term_string}\"},\"query-input\":{\"@type\":\"PropertyValueSpecification\",\"valueRequired\":true,\"valueName\":\"search_term_string\"}}],\"inLanguage\":\"es\"},{\"@type\":\"Organization\",\"@id\":\"https:\\\/\\\/acsantiago.org\\\/#organization\",\"name\":\"Asociaci\u00f3n Cultural Santiago\",\"url\":\"https:\\\/\\\/acsantiago.org\\\/\",\"logo\":{\"@type\":\"ImageObject\",\"inLanguage\":\"es\",\"@id\":\"https:\\\/\\\/acsantiago.org\\\/#\\\/schema\\\/logo\\\/image\\\/\",\"url\":\"https:\\\/\\\/acsantiago.org\\\/wp-content\\\/uploads\\\/2022\\\/02\\\/cropped-cropped-IMG-20220131-WA0001-2.jpg\",\"contentUrl\":\"https:\\\/\\\/acsantiago.org\\\/wp-content\\\/uploads\\\/2022\\\/02\\\/cropped-cropped-IMG-20220131-WA0001-2.jpg\",\"width\":1039,\"height\":989,\"caption\":\"Asociaci\u00f3n Cultural Santiago\"},\"image\":{\"@id\":\"https:\\\/\\\/acsantiago.org\\\/#\\\/schema\\\/logo\\\/image\\\/\"}}]}<\/script>\n<!-- \/ Yoast SEO plugin. -->","yoast_head_json":{"title":"Premio Marabini - Asociaci\u00f3n Cultural Santiago","robots":{"index":"index","follow":"follow","max-snippet":"max-snippet:-1","max-image-preview":"max-image-preview:large","max-video-preview":"max-video-preview:-1"},"canonical":"https:\/\/acsantiago.org\/index.php\/entrega-del-premio-marabini-y-la-celebracion-de-san-ermenegildo\/","og_locale":"es_ES","og_type":"article","og_title":"Premio Marabini - Asociaci\u00f3n Cultural Santiago","og_description":"Entrega del Premio Marabini y la celebraci\u00f3n de San Ermenegildo El pasado d\u00eda 13 de Abril festividad de San Ermenegildo, presidido por el Presidente de la Hermandad de Veteranos, Coronel D. Juan Carlos Cerrato. Se celebr\u00f3 la Santa Misa por todos los fallecidos de la Fuerzas Armadas y de la Guardia Civil y seguidamente se [&hellip;]","og_url":"https:\/\/acsantiago.org\/index.php\/entrega-del-premio-marabini-y-la-celebracion-de-san-ermenegildo\/","og_site_name":"Asociaci\u00f3n Cultural Santiago","article_modified_time":"2023-04-19T15:38:33+00:00","og_image":[{"url":"https:\/\/acsantiago.org\/wp-content\/uploads\/2023\/04\/a-1-1024x768.jpeg","type":"","width":"","height":""}],"twitter_card":"summary_large_image","twitter_misc":{"Tiempo de lectura":"2 minutos"},"schema":{"@context":"https:\/\/schema.org","@graph":[{"@type":"WebPage","@id":"https:\/\/acsantiago.org\/index.php\/entrega-del-premio-marabini-y-la-celebracion-de-san-ermenegildo\/","url":"https:\/\/acsantiago.org\/index.php\/entrega-del-premio-marabini-y-la-celebracion-de-san-ermenegildo\/","name":"Premio Marabini - Asociaci\u00f3n Cultural Santiago","isPartOf":{"@id":"https:\/\/acsantiago.org\/#website"},"primaryImageOfPage":{"@id":"https:\/\/acsantiago.org\/index.php\/entrega-del-premio-marabini-y-la-celebracion-de-san-ermenegildo\/#primaryimage"},"image":{"@id":"https:\/\/acsantiago.org\/index.php\/entrega-del-premio-marabini-y-la-celebracion-de-san-ermenegildo\/#primaryimage"},"thumbnailUrl":"https:\/\/acsantiago.org\/wp-content\/uploads\/2023\/04\/a-1-1024x768.jpeg","datePublished":"2023-04-19T14:31:20+00:00","dateModified":"2023-04-19T15:38:33+00:00","breadcrumb":{"@id":"https:\/\/acsantiago.org\/index.php\/entrega-del-premio-marabini-y-la-celebracion-de-san-ermenegildo\/#breadcrumb"},"inLanguage":"es","potentialAction":[{"@type":"ReadAction","target":["https:\/\/acsantiago.org\/index.php\/entrega-del-premio-marabini-y-la-celebracion-de-san-ermenegildo\/"]}]},{"@type":"ImageObject","inLanguage":"es","@id":"https:\/\/acsantiago.org\/index.php\/entrega-del-premio-marabini-y-la-celebracion-de-san-ermenegildo\/#primaryimage","url":"https:\/\/acsantiago.org\/wp-content\/uploads\/2023\/04\/a-1-1024x768.jpeg","contentUrl":"https:\/\/acsantiago.org\/wp-content\/uploads\/2023\/04\/a-1-1024x768.jpeg"},{"@type":"BreadcrumbList","@id":"https:\/\/acsantiago.org\/index.php\/entrega-del-premio-marabini-y-la-celebracion-de-san-ermenegildo\/#breadcrumb","itemListElement":[{"@type":"ListItem","position":1,"name":"Portada","item":"https:\/\/acsantiago.org\/"},{"@type":"ListItem","position":2,"name":"Premio Marabini"}]},{"@type":"WebSite","@id":"https:\/\/acsantiago.org\/#website","url":"https:\/\/acsantiago.org\/","name":"Asociaci\u00f3n Cultural Santiago","description":"Just another WordPress site","publisher":{"@id":"https:\/\/acsantiago.org\/#organization"},"potentialAction":[{"@type":"SearchAction","target":{"@type":"EntryPoint","urlTemplate":"https:\/\/acsantiago.org\/?s={search_term_string}"},"query-input":{"@type":"PropertyValueSpecification","valueRequired":true,"valueName":"search_term_string"}}],"inLanguage":"es"},{"@type":"Organization","@id":"https:\/\/acsantiago.org\/#organization","name":"Asociaci\u00f3n Cultural Santiago","url":"https:\/\/acsantiago.org\/","logo":{"@type":"ImageObject","inLanguage":"es","@id":"https:\/\/acsantiago.org\/#\/schema\/logo\/image\/","url":"https:\/\/acsantiago.org\/wp-content\/uploads\/2022\/02\/cropped-cropped-IMG-20220131-WA0001-2.jpg","contentUrl":"https:\/\/acsantiago.org\/wp-content\/uploads\/2022\/02\/cropped-cropped-IMG-20220131-WA0001-2.jpg","width":1039,"height":989,"caption":"Asociaci\u00f3n Cultural Santiago"},"image":{"@id":"https:\/\/acsantiago.org\/#\/schema\/logo\/image\/"}}]}},"amp_enabled":true,"_links":{"self":[{"href":"https:\/\/acsantiago.org\/index.php\/wp-json\/wp\/v2\/pages\/2279","targetHints":{"allow":["GET"]}}],"collection":[{"href":"https:\/\/acsantiago.org\/index.php\/wp-json\/wp\/v2\/pages"}],"about":[{"href":"https:\/\/acsantiago.org\/index.php\/wp-json\/wp\/v2\/types\/page"}],"author":[{"embeddable":true,"href":"https:\/\/acsantiago.org\/index.php\/wp-json\/wp\/v2\/users\/1"}],"replies":[{"embeddable":true,"href":"https:\/\/acsantiago.org\/index.php\/wp-json\/wp\/v2\/comments?post=2279"}],"version-history":[{"count":32,"href":"https:\/\/acsantiago.org\/index.php\/wp-json\/wp\/v2\/pages\/2279\/revisions"}],"predecessor-version":[{"id":2364,"href":"https:\/\/acsantiago.org\/index.php\/wp-json\/wp\/v2\/pages\/2279\/revisions\/2364"}],"wp:attachment":[{"href":"https:\/\/acsantiago.org\/index.php\/wp-json\/wp\/v2\/media?parent=2279"}],"curies":[{"name":"wp","href":"https:\/\/api.w.org\/{rel}","templated":true}]}}