{"id":1598,"date":"2022-08-01T08:56:12","date_gmt":"2022-08-01T08:56:12","guid":{"rendered":"https:\/\/acsantiago.org\/?page_id=1598"},"modified":"2022-08-01T09:20:48","modified_gmt":"2022-08-01T09:20:48","slug":"museo-de-la-cavada","status":"publish","type":"page","link":"https:\/\/acsantiago.org\/index.php\/museo-de-la-cavada\/","title":{"rendered":"Museo de la Cavada"},"content":{"rendered":"\t\t<div data-elementor-type=\"wp-page\" data-elementor-id=\"1598\" class=\"elementor elementor-1598\">\n\t\t\t\t\t\t<section class=\"elementor-section elementor-top-section elementor-element elementor-element-ebd12e2 elementor-section-boxed elementor-section-height-default elementor-section-height-default\" data-id=\"ebd12e2\" data-element_type=\"section\" data-e-type=\"section\">\n\t\t\t\t\t\t<div class=\"elementor-container elementor-column-gap-default\">\n\t\t\t\t\t<div class=\"elementor-column elementor-col-100 elementor-top-column elementor-element elementor-element-88dfd11\" data-id=\"88dfd11\" data-element_type=\"column\" data-e-type=\"column\">\n\t\t\t<div class=\"elementor-widget-wrap elementor-element-populated\">\n\t\t\t\t\t\t<div class=\"elementor-element elementor-element-6a3ef8d elementor-widget elementor-widget-heading\" data-id=\"6a3ef8d\" data-element_type=\"widget\" data-e-type=\"widget\" data-widget_type=\"heading.default\">\n\t\t\t\t<div class=\"elementor-widget-container\">\n\t\t\t\t\t<h2 class=\"elementor-heading-title elementor-size-default\">D\u00eda del Museo de la Real F\u00e1brica de Artiller\u00eda de La Cavada<\/h2>\t\t\t\t<\/div>\n\t\t\t\t<\/div>\n\t\t\t\t\t<\/div>\n\t\t<\/div>\n\t\t\t\t\t<\/div>\n\t\t<\/section>\n\t\t\t\t<section class=\"elementor-section elementor-top-section elementor-element elementor-element-ad5b96b elementor-section-boxed elementor-section-height-default elementor-section-height-default\" data-id=\"ad5b96b\" data-element_type=\"section\" data-e-type=\"section\">\n\t\t\t\t\t\t<div class=\"elementor-container elementor-column-gap-default\">\n\t\t\t\t\t<div class=\"elementor-column elementor-col-100 elementor-top-column elementor-element elementor-element-6e205aa\" data-id=\"6e205aa\" data-element_type=\"column\" data-e-type=\"column\">\n\t\t\t<div class=\"elementor-widget-wrap elementor-element-populated\">\n\t\t\t\t\t\t<div class=\"elementor-element elementor-element-28e941a elementor-widget elementor-widget-text-editor\" data-id=\"28e941a\" data-element_type=\"widget\" data-e-type=\"widget\" data-widget_type=\"text-editor.default\">\n\t\t\t\t<div class=\"elementor-widget-container\">\n\t\t\t\t\t\t\t\t\t<h4 class=\"entry-title\">El ciclo de conferencias del museo se celebrar\u00e1 del 8 al 12 de agosto. Dejamos aqu\u00ed cumplida informaci\u00f3n con los actos a celebrar, <span style=\"text-decoration: underline;\"><em>haciendo una especial menci\u00f3n a la asistencia de \u00a0una representaci\u00f3n del Regimiento Garellano y del Alarde de San Sebasti\u00e1n<\/em><\/span><\/h4>\t\t\t\t\t\t\t\t<\/div>\n\t\t\t\t<\/div>\n\t\t\t\t\t<\/div>\n\t\t<\/div>\n\t\t\t\t\t<\/div>\n\t\t<\/section>\n\t\t\t\t<section class=\"elementor-section elementor-top-section elementor-element elementor-element-81d5aff elementor-section-boxed elementor-section-height-default elementor-section-height-default\" data-id=\"81d5aff\" data-element_type=\"section\" data-e-type=\"section\">\n\t\t\t\t\t\t<div class=\"elementor-container elementor-column-gap-default\">\n\t\t\t\t\t<div class=\"elementor-column elementor-col-100 elementor-top-column elementor-element elementor-element-483de34\" data-id=\"483de34\" data-element_type=\"column\" data-e-type=\"column\">\n\t\t\t<div class=\"elementor-widget-wrap elementor-element-populated\">\n\t\t\t\t\t\t<div class=\"elementor-element elementor-element-6f40ecc elementor-widget elementor-widget-image\" data-id=\"6f40ecc\" data-element_type=\"widget\" data-e-type=\"widget\" data-widget_type=\"image.default\">\n\t\t\t\t<div class=\"elementor-widget-container\">\n\t\t\t\t\t\t\t\t\t\t\t\t\t\t\t<img fetchpriority=\"high\" decoding=\"async\" width=\"724\" height=\"1024\" src=\"https:\/\/acsantiago.org\/wp-content\/uploads\/2022\/08\/WhatsApp-Image-2022-08-01-at-9.00.44-AM-724x1024.jpeg\" class=\"attachment-large size-large wp-image-1573\" alt=\"d\u00eda del museo de la Cavada\" srcset=\"https:\/\/acsantiago.org\/wp-content\/uploads\/2022\/08\/WhatsApp-Image-2022-08-01-at-9.00.44-AM-724x1024.jpeg 724w, https:\/\/acsantiago.org\/wp-content\/uploads\/2022\/08\/WhatsApp-Image-2022-08-01-at-9.00.44-AM-212x300.jpeg 212w, https:\/\/acsantiago.org\/wp-content\/uploads\/2022\/08\/WhatsApp-Image-2022-08-01-at-9.00.44-AM-768x1086.jpeg 768w, https:\/\/acsantiago.org\/wp-content\/uploads\/2022\/08\/WhatsApp-Image-2022-08-01-at-9.00.44-AM-1086x1536.jpeg 1086w, https:\/\/acsantiago.org\/wp-content\/uploads\/2022\/08\/WhatsApp-Image-2022-08-01-at-9.00.44-AM.jpeg 1123w\" sizes=\"(max-width: 724px) 100vw, 724px\" \/>\t\t\t\t\t\t\t\t\t\t\t\t\t\t\t<\/div>\n\t\t\t\t<\/div>\n\t\t\t\t\t<\/div>\n\t\t<\/div>\n\t\t\t\t\t<\/div>\n\t\t<\/section>\n\t\t\t\t<section class=\"elementor-section elementor-top-section elementor-element elementor-element-36cf86e elementor-section-boxed elementor-section-height-default elementor-section-height-default\" data-id=\"36cf86e\" data-element_type=\"section\" data-e-type=\"section\">\n\t\t\t\t\t\t<div class=\"elementor-container elementor-column-gap-default\">\n\t\t\t\t\t<div class=\"elementor-column elementor-col-100 elementor-top-column elementor-element elementor-element-cf3fe20\" data-id=\"cf3fe20\" data-element_type=\"column\" data-e-type=\"column\">\n\t\t\t<div class=\"elementor-widget-wrap elementor-element-populated\">\n\t\t\t\t\t\t<div class=\"elementor-element elementor-element-5e3acd4 elementor-widget-divider--view-line_icon elementor-view-default elementor-widget-divider--element-align-center elementor-widget elementor-widget-divider\" data-id=\"5e3acd4\" data-element_type=\"widget\" data-e-type=\"widget\" data-widget_type=\"divider.default\">\n\t\t\t\t<div class=\"elementor-widget-container\">\n\t\t\t\t\t\t\t<div class=\"elementor-divider\">\n\t\t\t<span class=\"elementor-divider-separator\">\n\t\t\t\t\t\t\t<div class=\"elementor-icon elementor-divider__element\">\n\t\t\t\t\t<i aria-hidden=\"true\" class=\"fas fa-star\"><\/i><\/div>\n\t\t\t\t\t\t<\/span>\n\t\t<\/div>\n\t\t\t\t\t\t<\/div>\n\t\t\t\t<\/div>\n\t\t\t\t\t<\/div>\n\t\t<\/div>\n\t\t\t\t\t<\/div>\n\t\t<\/section>\n\t\t\t\t<section class=\"elementor-section elementor-top-section elementor-element elementor-element-51ba082 elementor-section-boxed elementor-section-height-default elementor-section-height-default\" data-id=\"51ba082\" data-element_type=\"section\" data-e-type=\"section\">\n\t\t\t\t\t\t<div class=\"elementor-container elementor-column-gap-default\">\n\t\t\t\t\t<div class=\"elementor-column elementor-col-100 elementor-top-column elementor-element elementor-element-368a3e6\" data-id=\"368a3e6\" data-element_type=\"column\" data-e-type=\"column\">\n\t\t\t<div class=\"elementor-widget-wrap elementor-element-populated\">\n\t\t\t\t\t\t<div class=\"elementor-element elementor-element-6723f9e elementor-widget elementor-widget-image\" data-id=\"6723f9e\" data-element_type=\"widget\" data-e-type=\"widget\" data-widget_type=\"image.default\">\n\t\t\t\t<div class=\"elementor-widget-container\">\n\t\t\t\t\t\t\t\t\t\t\t\t\t\t\t<img decoding=\"async\" width=\"723\" height=\"1024\" src=\"https:\/\/acsantiago.org\/wp-content\/uploads\/2022\/08\/WhatsApp-Image-2022-08-01-at-9.00.45-AM.jpeg\" class=\"attachment-large size-large wp-image-1574\" alt=\"d\u00eda del museo de la Cavada\" srcset=\"https:\/\/acsantiago.org\/wp-content\/uploads\/2022\/08\/WhatsApp-Image-2022-08-01-at-9.00.45-AM.jpeg 723w, https:\/\/acsantiago.org\/wp-content\/uploads\/2022\/08\/WhatsApp-Image-2022-08-01-at-9.00.45-AM-212x300.jpeg 212w\" sizes=\"(max-width: 723px) 100vw, 723px\" \/>\t\t\t\t\t\t\t\t\t\t\t\t\t\t\t<\/div>\n\t\t\t\t<\/div>\n\t\t\t\t\t<\/div>\n\t\t<\/div>\n\t\t\t\t\t<\/div>\n\t\t<\/section>\n\t\t\t\t<section class=\"elementor-section elementor-top-section elementor-element elementor-element-60416eb elementor-section-boxed elementor-section-height-default elementor-section-height-default\" data-id=\"60416eb\" data-element_type=\"section\" data-e-type=\"section\">\n\t\t\t\t\t\t<div class=\"elementor-container elementor-column-gap-default\">\n\t\t\t\t\t<div class=\"elementor-column elementor-col-100 elementor-top-column elementor-element elementor-element-20911bf\" data-id=\"20911bf\" data-element_type=\"column\" data-e-type=\"column\">\n\t\t\t<div class=\"elementor-widget-wrap elementor-element-populated\">\n\t\t\t\t\t\t<div class=\"elementor-element elementor-element-b1e942b elementor-widget-divider--view-line_icon elementor-view-default elementor-widget-divider--element-align-center elementor-widget elementor-widget-divider\" data-id=\"b1e942b\" data-element_type=\"widget\" data-e-type=\"widget\" data-widget_type=\"divider.default\">\n\t\t\t\t<div class=\"elementor-widget-container\">\n\t\t\t\t\t\t\t<div class=\"elementor-divider\">\n\t\t\t<span class=\"elementor-divider-separator\">\n\t\t\t\t\t\t\t<div class=\"elementor-icon elementor-divider__element\">\n\t\t\t\t\t<i aria-hidden=\"true\" class=\"fas fa-star\"><\/i><\/div>\n\t\t\t\t\t\t<\/span>\n\t\t<\/div>\n\t\t\t\t\t\t<\/div>\n\t\t\t\t<\/div>\n\t\t\t\t\t<\/div>\n\t\t<\/div>\n\t\t\t\t\t<\/div>\n\t\t<\/section>\n\t\t\t\t<section class=\"elementor-section elementor-top-section elementor-element elementor-element-73e79c9 elementor-section-boxed elementor-section-height-default elementor-section-height-default\" data-id=\"73e79c9\" data-element_type=\"section\" data-e-type=\"section\">\n\t\t\t\t\t\t<div class=\"elementor-container elementor-column-gap-default\">\n\t\t\t\t\t<div class=\"elementor-column elementor-col-100 elementor-top-column elementor-element elementor-element-0d240b9\" data-id=\"0d240b9\" data-element_type=\"column\" data-e-type=\"column\">\n\t\t\t<div class=\"elementor-widget-wrap elementor-element-populated\">\n\t\t\t\t\t\t<div class=\"elementor-element elementor-element-6e5f6b9 elementor-widget elementor-widget-button\" data-id=\"6e5f6b9\" data-element_type=\"widget\" data-e-type=\"widget\" data-widget_type=\"button.default\">\n\t\t\t\t<div class=\"elementor-widget-container\">\n\t\t\t\t\t\t\t\t\t<div class=\"elementor-button-wrapper\">\n\t\t\t\t\t<a class=\"elementor-button elementor-button-link elementor-size-sm\" href=\"https:\/\/www.museolacavada.es\/\" target=\"_blank\">\n\t\t\t\t\t\t<span class=\"elementor-button-content-wrapper\">\n\t\t\t\t\t\t\t\t\t<span class=\"elementor-button-text\">Enlace a la pag\u00edna web del Museo de la Cavada<\/span>\n\t\t\t\t\t<\/span>\n\t\t\t\t\t<\/a>\n\t\t\t\t<\/div>\n\t\t\t\t\t\t\t\t<\/div>\n\t\t\t\t<\/div>\n\t\t\t\t\t<\/div>\n\t\t<\/div>\n\t\t\t\t\t<\/div>\n\t\t<\/section>\n\t\t\t\t<\/div>\n\t\t","protected":false},"excerpt":{"rendered":"<p>D\u00eda del Museo de la Real F\u00e1brica de Artiller\u00eda de La Cavada El ciclo de conferencias del museo se celebrar\u00e1 del 8 al 12 de agosto. Dejamos aqu\u00ed cumplida informaci\u00f3n con los actos a celebrar, haciendo una especial menci\u00f3n a la asistencia de \u00a0una representaci\u00f3n del Regimiento Garellano y del Alarde de San Sebasti\u00e1n Enlace [&hellip;]<\/p>\n","protected":false},"author":1,"featured_media":0,"parent":0,"menu_order":0,"comment_status":"closed","ping_status":"closed","template":"","meta":{"site-sidebar-layout":"no-sidebar","site-content-layout":"page-builder","ast-site-content-layout":"default","site-content-style":"default","site-sidebar-style":"default","ast-global-header-display":"","ast-banner-title-visibility":"","ast-main-header-display":"","ast-hfb-above-header-display":"","ast-hfb-below-header-display":"","ast-hfb-mobile-header-display":"","site-post-title":"disabled","ast-breadcrumbs-content":"","ast-featured-img":"disabled","footer-sml-layout":"","ast-disable-related-posts":"","theme-transparent-header-meta":"","adv-header-id-meta":"","stick-header-meta":"","header-above-stick-meta":"","header-main-stick-meta":"","header-below-stick-meta":"","astra-migrate-meta-layouts":"default","ast-page-background-enabled":"default","ast-page-background-meta":{"desktop":{"background-color":"var(--ast-global-color-4)","background-image":"","background-repeat":"repeat","background-position":"center center","background-size":"auto","background-attachment":"scroll","background-type":"","background-media":"","overlay-type":"","overlay-color":"","overlay-opacity":"","overlay-gradient":""},"tablet":{"background-color":"","background-image":"","background-repeat":"repeat","background-position":"center center","background-size":"auto","background-attachment":"scroll","background-type":"","background-media":"","overlay-type":"","overlay-color":"","overlay-opacity":"","overlay-gradient":""},"mobile":{"background-color":"","background-image":"","background-repeat":"repeat","background-position":"center center","background-size":"auto","background-attachment":"scroll","background-type":"","background-media":"","overlay-type":"","overlay-color":"","overlay-opacity":"","overlay-gradient":""}},"ast-content-background-meta":{"desktop":{"background-color":"var(--ast-global-color-5)","background-image":"","background-repeat":"repeat","background-position":"center center","background-size":"auto","background-attachment":"scroll","background-type":"","background-media":"","overlay-type":"","overlay-color":"","overlay-opacity":"","overlay-gradient":""},"tablet":{"background-color":"var(--ast-global-color-5)","background-image":"","background-repeat":"repeat","background-position":"center center","background-size":"auto","background-attachment":"scroll","background-type":"","background-media":"","overlay-type":"","overlay-color":"","overlay-opacity":"","overlay-gradient":""},"mobile":{"background-color":"var(--ast-global-color-5)","background-image":"","background-repeat":"repeat","background-position":"center center","background-size":"auto","background-attachment":"scroll","background-type":"","background-media":"","overlay-type":"","overlay-color":"","overlay-opacity":"","overlay-gradient":""}},"footnotes":""},"class_list":["post-1598","page","type-page","status-publish","hentry"],"yoast_head":"<!-- This site is optimized with the Yoast SEO plugin v27.4 - https:\/\/yoast.com\/product\/yoast-seo-wordpress\/ -->\n<title>Museo de la Cavada - Asociaci\u00f3n Cultural Santiago<\/title>\n<meta name=\"robots\" content=\"index, follow, max-snippet:-1, max-image-preview:large, max-video-preview:-1\" \/>\n<link rel=\"canonical\" href=\"https:\/\/acsantiago.org\/index.php\/museo-de-la-cavada\/\" \/>\n<meta property=\"og:locale\" content=\"es_ES\" \/>\n<meta property=\"og:type\" content=\"article\" \/>\n<meta property=\"og:title\" content=\"Museo de la Cavada - Asociaci\u00f3n Cultural Santiago\" \/>\n<meta property=\"og:description\" content=\"D\u00eda del Museo de la Real F\u00e1brica de Artiller\u00eda de La Cavada El ciclo de conferencias del museo se celebrar\u00e1 del 8 al 12 de agosto. Dejamos aqu\u00ed cumplida informaci\u00f3n con los actos a celebrar, haciendo una especial menci\u00f3n a la asistencia de \u00a0una representaci\u00f3n del Regimiento Garellano y del Alarde de San Sebasti\u00e1n Enlace [&hellip;]\" \/>\n<meta property=\"og:url\" content=\"https:\/\/acsantiago.org\/index.php\/museo-de-la-cavada\/\" \/>\n<meta property=\"og:site_name\" content=\"Asociaci\u00f3n Cultural Santiago\" \/>\n<meta property=\"article:modified_time\" content=\"2022-08-01T09:20:48+00:00\" \/>\n<meta property=\"og:image\" content=\"https:\/\/acsantiago.org\/wp-content\/uploads\/2022\/08\/WhatsApp-Image-2022-08-01-at-9.00.44-AM-724x1024.jpeg\" \/>\n<meta name=\"twitter:card\" content=\"summary_large_image\" \/>\n<meta name=\"twitter:label1\" content=\"Tiempo de lectura\" \/>\n\t<meta name=\"twitter:data1\" content=\"1 minuto\" \/>\n<script type=\"application\/ld+json\" class=\"yoast-schema-graph\">{\"@context\":\"https:\\\/\\\/schema.org\",\"@graph\":[{\"@type\":\"WebPage\",\"@id\":\"https:\\\/\\\/acsantiago.org\\\/index.php\\\/museo-de-la-cavada\\\/\",\"url\":\"https:\\\/\\\/acsantiago.org\\\/index.php\\\/museo-de-la-cavada\\\/\",\"name\":\"Museo de la Cavada - Asociaci\u00f3n Cultural Santiago\",\"isPartOf\":{\"@id\":\"https:\\\/\\\/acsantiago.org\\\/#website\"},\"primaryImageOfPage\":{\"@id\":\"https:\\\/\\\/acsantiago.org\\\/index.php\\\/museo-de-la-cavada\\\/#primaryimage\"},\"image\":{\"@id\":\"https:\\\/\\\/acsantiago.org\\\/index.php\\\/museo-de-la-cavada\\\/#primaryimage\"},\"thumbnailUrl\":\"https:\\\/\\\/acsantiago.org\\\/wp-content\\\/uploads\\\/2022\\\/08\\\/WhatsApp-Image-2022-08-01-at-9.00.44-AM-724x1024.jpeg\",\"datePublished\":\"2022-08-01T08:56:12+00:00\",\"dateModified\":\"2022-08-01T09:20:48+00:00\",\"breadcrumb\":{\"@id\":\"https:\\\/\\\/acsantiago.org\\\/index.php\\\/museo-de-la-cavada\\\/#breadcrumb\"},\"inLanguage\":\"es\",\"potentialAction\":[{\"@type\":\"ReadAction\",\"target\":[\"https:\\\/\\\/acsantiago.org\\\/index.php\\\/museo-de-la-cavada\\\/\"]}]},{\"@type\":\"ImageObject\",\"inLanguage\":\"es\",\"@id\":\"https:\\\/\\\/acsantiago.org\\\/index.php\\\/museo-de-la-cavada\\\/#primaryimage\",\"url\":\"https:\\\/\\\/acsantiago.org\\\/wp-content\\\/uploads\\\/2022\\\/08\\\/WhatsApp-Image-2022-08-01-at-9.00.44-AM.jpeg\",\"contentUrl\":\"https:\\\/\\\/acsantiago.org\\\/wp-content\\\/uploads\\\/2022\\\/08\\\/WhatsApp-Image-2022-08-01-at-9.00.44-AM.jpeg\",\"width\":1123,\"height\":1588,\"caption\":\"d\u00eda del museo de la Cavada\"},{\"@type\":\"BreadcrumbList\",\"@id\":\"https:\\\/\\\/acsantiago.org\\\/index.php\\\/museo-de-la-cavada\\\/#breadcrumb\",\"itemListElement\":[{\"@type\":\"ListItem\",\"position\":1,\"name\":\"Portada\",\"item\":\"https:\\\/\\\/acsantiago.org\\\/\"},{\"@type\":\"ListItem\",\"position\":2,\"name\":\"Museo de la Cavada\"}]},{\"@type\":\"WebSite\",\"@id\":\"https:\\\/\\\/acsantiago.org\\\/#website\",\"url\":\"https:\\\/\\\/acsantiago.org\\\/\",\"name\":\"Asociaci\u00f3n Cultural Santiago\",\"description\":\"Just another WordPress site\",\"publisher\":{\"@id\":\"https:\\\/\\\/acsantiago.org\\\/#organization\"},\"potentialAction\":[{\"@type\":\"SearchAction\",\"target\":{\"@type\":\"EntryPoint\",\"urlTemplate\":\"https:\\\/\\\/acsantiago.org\\\/?s={search_term_string}\"},\"query-input\":{\"@type\":\"PropertyValueSpecification\",\"valueRequired\":true,\"valueName\":\"search_term_string\"}}],\"inLanguage\":\"es\"},{\"@type\":\"Organization\",\"@id\":\"https:\\\/\\\/acsantiago.org\\\/#organization\",\"name\":\"Asociaci\u00f3n Cultural Santiago\",\"url\":\"https:\\\/\\\/acsantiago.org\\\/\",\"logo\":{\"@type\":\"ImageObject\",\"inLanguage\":\"es\",\"@id\":\"https:\\\/\\\/acsantiago.org\\\/#\\\/schema\\\/logo\\\/image\\\/\",\"url\":\"https:\\\/\\\/acsantiago.org\\\/wp-content\\\/uploads\\\/2022\\\/02\\\/cropped-cropped-IMG-20220131-WA0001-2.jpg\",\"contentUrl\":\"https:\\\/\\\/acsantiago.org\\\/wp-content\\\/uploads\\\/2022\\\/02\\\/cropped-cropped-IMG-20220131-WA0001-2.jpg\",\"width\":1039,\"height\":989,\"caption\":\"Asociaci\u00f3n Cultural Santiago\"},\"image\":{\"@id\":\"https:\\\/\\\/acsantiago.org\\\/#\\\/schema\\\/logo\\\/image\\\/\"}}]}<\/script>\n<!-- \/ Yoast SEO plugin. -->","yoast_head_json":{"title":"Museo de la Cavada - Asociaci\u00f3n Cultural Santiago","robots":{"index":"index","follow":"follow","max-snippet":"max-snippet:-1","max-image-preview":"max-image-preview:large","max-video-preview":"max-video-preview:-1"},"canonical":"https:\/\/acsantiago.org\/index.php\/museo-de-la-cavada\/","og_locale":"es_ES","og_type":"article","og_title":"Museo de la Cavada - Asociaci\u00f3n Cultural Santiago","og_description":"D\u00eda del Museo de la Real F\u00e1brica de Artiller\u00eda de La Cavada El ciclo de conferencias del museo se celebrar\u00e1 del 8 al 12 de agosto. Dejamos aqu\u00ed cumplida informaci\u00f3n con los actos a celebrar, haciendo una especial menci\u00f3n a la asistencia de \u00a0una representaci\u00f3n del Regimiento Garellano y del Alarde de San Sebasti\u00e1n Enlace [&hellip;]","og_url":"https:\/\/acsantiago.org\/index.php\/museo-de-la-cavada\/","og_site_name":"Asociaci\u00f3n Cultural Santiago","article_modified_time":"2022-08-01T09:20:48+00:00","og_image":[{"url":"https:\/\/acsantiago.org\/wp-content\/uploads\/2022\/08\/WhatsApp-Image-2022-08-01-at-9.00.44-AM-724x1024.jpeg","type":"","width":"","height":""}],"twitter_card":"summary_large_image","twitter_misc":{"Tiempo de lectura":"1 minuto"},"schema":{"@context":"https:\/\/schema.org","@graph":[{"@type":"WebPage","@id":"https:\/\/acsantiago.org\/index.php\/museo-de-la-cavada\/","url":"https:\/\/acsantiago.org\/index.php\/museo-de-la-cavada\/","name":"Museo de la Cavada - Asociaci\u00f3n Cultural Santiago","isPartOf":{"@id":"https:\/\/acsantiago.org\/#website"},"primaryImageOfPage":{"@id":"https:\/\/acsantiago.org\/index.php\/museo-de-la-cavada\/#primaryimage"},"image":{"@id":"https:\/\/acsantiago.org\/index.php\/museo-de-la-cavada\/#primaryimage"},"thumbnailUrl":"https:\/\/acsantiago.org\/wp-content\/uploads\/2022\/08\/WhatsApp-Image-2022-08-01-at-9.00.44-AM-724x1024.jpeg","datePublished":"2022-08-01T08:56:12+00:00","dateModified":"2022-08-01T09:20:48+00:00","breadcrumb":{"@id":"https:\/\/acsantiago.org\/index.php\/museo-de-la-cavada\/#breadcrumb"},"inLanguage":"es","potentialAction":[{"@type":"ReadAction","target":["https:\/\/acsantiago.org\/index.php\/museo-de-la-cavada\/"]}]},{"@type":"ImageObject","inLanguage":"es","@id":"https:\/\/acsantiago.org\/index.php\/museo-de-la-cavada\/#primaryimage","url":"https:\/\/acsantiago.org\/wp-content\/uploads\/2022\/08\/WhatsApp-Image-2022-08-01-at-9.00.44-AM.jpeg","contentUrl":"https:\/\/acsantiago.org\/wp-content\/uploads\/2022\/08\/WhatsApp-Image-2022-08-01-at-9.00.44-AM.jpeg","width":1123,"height":1588,"caption":"d\u00eda del museo de la Cavada"},{"@type":"BreadcrumbList","@id":"https:\/\/acsantiago.org\/index.php\/museo-de-la-cavada\/#breadcrumb","itemListElement":[{"@type":"ListItem","position":1,"name":"Portada","item":"https:\/\/acsantiago.org\/"},{"@type":"ListItem","position":2,"name":"Museo de la Cavada"}]},{"@type":"WebSite","@id":"https:\/\/acsantiago.org\/#website","url":"https:\/\/acsantiago.org\/","name":"Asociaci\u00f3n Cultural Santiago","description":"Just another WordPress site","publisher":{"@id":"https:\/\/acsantiago.org\/#organization"},"potentialAction":[{"@type":"SearchAction","target":{"@type":"EntryPoint","urlTemplate":"https:\/\/acsantiago.org\/?s={search_term_string}"},"query-input":{"@type":"PropertyValueSpecification","valueRequired":true,"valueName":"search_term_string"}}],"inLanguage":"es"},{"@type":"Organization","@id":"https:\/\/acsantiago.org\/#organization","name":"Asociaci\u00f3n Cultural Santiago","url":"https:\/\/acsantiago.org\/","logo":{"@type":"ImageObject","inLanguage":"es","@id":"https:\/\/acsantiago.org\/#\/schema\/logo\/image\/","url":"https:\/\/acsantiago.org\/wp-content\/uploads\/2022\/02\/cropped-cropped-IMG-20220131-WA0001-2.jpg","contentUrl":"https:\/\/acsantiago.org\/wp-content\/uploads\/2022\/02\/cropped-cropped-IMG-20220131-WA0001-2.jpg","width":1039,"height":989,"caption":"Asociaci\u00f3n Cultural Santiago"},"image":{"@id":"https:\/\/acsantiago.org\/#\/schema\/logo\/image\/"}}]}},"amp_enabled":true,"_links":{"self":[{"href":"https:\/\/acsantiago.org\/index.php\/wp-json\/wp\/v2\/pages\/1598","targetHints":{"allow":["GET"]}}],"collection":[{"href":"https:\/\/acsantiago.org\/index.php\/wp-json\/wp\/v2\/pages"}],"about":[{"href":"https:\/\/acsantiago.org\/index.php\/wp-json\/wp\/v2\/types\/page"}],"author":[{"embeddable":true,"href":"https:\/\/acsantiago.org\/index.php\/wp-json\/wp\/v2\/users\/1"}],"replies":[{"embeddable":true,"href":"https:\/\/acsantiago.org\/index.php\/wp-json\/wp\/v2\/comments?post=1598"}],"version-history":[{"count":19,"href":"https:\/\/acsantiago.org\/index.php\/wp-json\/wp\/v2\/pages\/1598\/revisions"}],"predecessor-version":[{"id":1635,"href":"https:\/\/acsantiago.org\/index.php\/wp-json\/wp\/v2\/pages\/1598\/revisions\/1635"}],"wp:attachment":[{"href":"https:\/\/acsantiago.org\/index.php\/wp-json\/wp\/v2\/media?parent=1598"}],"curies":[{"name":"wp","href":"https:\/\/api.w.org\/{rel}","templated":true}]}}